{"id":1019,"date":"2019-12-12T09:47:11","date_gmt":"2019-12-12T09:47:11","guid":{"rendered":"http:\/\/www.scuolasantamariadelparadiso.it\/?page_id=1019"},"modified":"2023-01-03T15:16:58","modified_gmt":"2023-01-03T15:16:58","slug":"secondaria-di-i-grado","status":"publish","type":"page","link":"https:\/\/www.scuolasantamariadelparadiso.it\/?page_id=1019","title":{"rendered":"SECONDARIA DI I GRADO"},"content":{"rendered":"\t\t<div data-elementor-type=\"wp-page\" data-elementor-id=\"1019\" class=\"elementor elementor-1019\" data-elementor-settings=\"{&quot;ha_cmc_init_switcher&quot;:&quot;no&quot;}\">\n\t\t\t\t\t\t<section class=\"elementor-section elementor-top-section elementor-element elementor-element-781e563b elementor-section-height-min-height elementor-section-boxed elementor-section-height-default elementor-section-items-middle\" data-id=\"781e563b\" data-element_type=\"section\" data-settings=\"{&quot;background_background&quot;:&quot;gradient&quot;,&quot;_ha_eqh_enable&quot;:false}\">\n\t\t\t\t\t\t\t<div class=\"elementor-background-overlay\"><\/div>\n\t\t\t\t\t\t\t<div class=\"elementor-container elementor-column-gap-default\">\n\t\t\t\t\t<div class=\"elementor-column elementor-col-100 elementor-top-column elementor-element elementor-element-6a0d8669\" data-id=\"6a0d8669\" data-element_type=\"column\">\n\t\t\t<div class=\"elementor-widget-wrap elementor-element-populated\">\n\t\t\t\t\t\t<div class=\"elementor-element elementor-element-35414899 elementor-widget elementor-widget-image\" data-id=\"35414899\" data-element_type=\"widget\" data-widget_type=\"image.default\">\n\t\t\t\t<div class=\"elementor-widget-container\">\n\t\t\t\t\t\t\t\t\t\t\t\t\t\t\t<img fetchpriority=\"high\" decoding=\"async\" width=\"1024\" height=\"576\" src=\"https:\/\/www.scuolasantamariadelparadiso.it\/wp-content\/uploads\/2023\/01\/338B9BDB-4544-449F-861A-218772A05159-1024x576.jpg\" class=\"attachment-large size-large wp-image-3820\" alt=\"\" srcset=\"https:\/\/www.scuolasantamariadelparadiso.it\/wp-content\/uploads\/2023\/01\/338B9BDB-4544-449F-861A-218772A05159-1024x576.jpg 1024w, https:\/\/www.scuolasantamariadelparadiso.it\/wp-content\/uploads\/2023\/01\/338B9BDB-4544-449F-861A-218772A05159-300x169.jpg 300w, https:\/\/www.scuolasantamariadelparadiso.it\/wp-content\/uploads\/2023\/01\/338B9BDB-4544-449F-861A-218772A05159-768x432.jpg 768w, https:\/\/www.scuolasantamariadelparadiso.it\/wp-content\/uploads\/2023\/01\/338B9BDB-4544-449F-861A-218772A05159-1536x864.jpg 1536w, https:\/\/www.scuolasantamariadelparadiso.it\/wp-content\/uploads\/2023\/01\/338B9BDB-4544-449F-861A-218772A05159.jpg 1920w\" sizes=\"(max-width: 1024px) 100vw, 1024px\" \/>\t\t\t\t\t\t\t\t\t\t\t\t\t\t\t<\/div>\n\t\t\t\t<\/div>\n\t\t\t\t\t<\/div>\n\t\t<\/div>\n\t\t\t\t\t<\/div>\n\t\t<\/section>\n\t\t\t\t<section class=\"elementor-section elementor-top-section elementor-element elementor-element-32afbce elementor-section-boxed elementor-section-height-default elementor-section-height-default\" data-id=\"32afbce\" data-element_type=\"section\" data-settings=\"{&quot;_ha_eqh_enable&quot;:false}\">\n\t\t\t\t\t\t<div class=\"elementor-container elementor-column-gap-default\">\n\t\t\t\t\t<div class=\"elementor-column elementor-col-100 elementor-top-column elementor-element elementor-element-17f44f2\" data-id=\"17f44f2\" data-element_type=\"column\">\n\t\t\t<div class=\"elementor-widget-wrap elementor-element-populated\">\n\t\t\t\t\t\t<section class=\"elementor-section elementor-inner-section elementor-element elementor-element-4630231 elementor-section-boxed elementor-section-height-default elementor-section-height-default\" data-id=\"4630231\" data-element_type=\"section\" data-settings=\"{&quot;_ha_eqh_enable&quot;:false}\">\n\t\t\t\t\t\t<div class=\"elementor-container elementor-column-gap-default\">\n\t\t\t\t\t<div class=\"elementor-column elementor-col-100 elementor-inner-column elementor-element elementor-element-b8e197d\" data-id=\"b8e197d\" data-element_type=\"column\">\n\t\t\t<div class=\"elementor-widget-wrap elementor-element-populated\">\n\t\t\t\t\t\t<div class=\"elementor-element elementor-element-026d8ec elementor-widget-mobile__width-initial elementor-absolute elementor-widget elementor-widget-text-editor\" data-id=\"026d8ec\" data-element_type=\"widget\" data-settings=\"{&quot;_position&quot;:&quot;absolute&quot;}\" data-widget_type=\"text-editor.default\">\n\t\t\t\t<div class=\"elementor-widget-container\">\n\t\t\t\t\t\t\t\t\t<p>LE FINALITA&#8217; EDUCATIVE<\/p>\t\t\t\t\t\t\t\t<\/div>\n\t\t\t\t<\/div>\n\t\t\t\t\t<\/div>\n\t\t<\/div>\n\t\t\t\t\t<\/div>\n\t\t<\/section>\n\t\t\t\t\t<\/div>\n\t\t<\/div>\n\t\t\t\t\t<\/div>\n\t\t<\/section>\n\t\t\t\t<section class=\"elementor-section elementor-top-section elementor-element elementor-element-3c255b0 elementor-section-boxed elementor-section-height-default elementor-section-height-default\" data-id=\"3c255b0\" data-element_type=\"section\" data-settings=\"{&quot;_ha_eqh_enable&quot;:false}\">\n\t\t\t\t\t\t<div class=\"elementor-container elementor-column-gap-default\">\n\t\t\t\t\t<div class=\"elementor-column elementor-col-100 elementor-top-column elementor-element elementor-element-610e9e7\" data-id=\"610e9e7\" data-element_type=\"column\">\n\t\t\t<div class=\"elementor-widget-wrap elementor-element-populated\">\n\t\t\t\t\t\t<div class=\"elementor-element elementor-element-b4a878d elementor-widget elementor-widget-text-editor\" data-id=\"b4a878d\" data-element_type=\"widget\" data-widget_type=\"text-editor.default\">\n\t\t\t\t<div class=\"elementor-widget-container\">\n\t\t\t\t\t\t\t\t\t<p>\u00a0Lo studente al termine del primo ciclo, attraverso gli apprendimenti sviluppati\u00a0 scuola, lo studio personale, le esperienze educative vissute in famiglia e nella comunit\u00e0, \u00e8 in grado di iniziare ad affrontare in autonomia e con responsabilit\u00e0, le situazioni di vita tipiche della propria et\u00e0, riflettendo ed esprimendo la propria personalit\u00e0 in tutte le sue dimensioni.\u00a0<\/p>\t\t\t\t\t\t\t\t<\/div>\n\t\t\t\t<\/div>\n\t\t\t\t\t<\/div>\n\t\t<\/div>\n\t\t\t\t\t<\/div>\n\t\t<\/section>\n\t\t\t\t<section class=\"elementor-section elementor-top-section elementor-element elementor-element-4084e966 elementor-section-boxed elementor-section-height-default elementor-section-height-default\" data-id=\"4084e966\" data-element_type=\"section\" data-settings=\"{&quot;_ha_eqh_enable&quot;:false}\">\n\t\t\t\t\t\t<div class=\"elementor-container elementor-column-gap-default\">\n\t\t\t\t\t<div class=\"elementor-column elementor-col-100 elementor-top-column elementor-element elementor-element-3467a818\" data-id=\"3467a818\" data-element_type=\"column\">\n\t\t\t<div class=\"elementor-widget-wrap elementor-element-populated\">\n\t\t\t\t\t\t<section class=\"elementor-section elementor-inner-section elementor-element elementor-element-2c52bc21 elementor-section-boxed elementor-section-height-default elementor-section-height-default\" data-id=\"2c52bc21\" data-element_type=\"section\" data-settings=\"{&quot;_ha_eqh_enable&quot;:false}\">\n\t\t\t\t\t\t<div class=\"elementor-container elementor-column-gap-default\">\n\t\t\t\t\t<div class=\"elementor-column elementor-col-50 elementor-inner-column elementor-element elementor-element-48a1e8c7\" data-id=\"48a1e8c7\" data-element_type=\"column\">\n\t\t\t<div class=\"elementor-widget-wrap elementor-element-populated\">\n\t\t\t\t\t\t<div class=\"elementor-element elementor-element-1f7c36a8 ha-infobox-media-dir-top elementor-widget elementor-widget-ha-infobox happy-addon ha-infobox\" data-id=\"1f7c36a8\" data-element_type=\"widget\" data-widget_type=\"ha-infobox.default\">\n\t\t\t\t<div class=\"elementor-widget-container\">\n\t\t\t\t\t\n\t\t\t\t\t<figure class=\"ha-infobox-figure ha-infobox-figure--icon\">\n\t\t\t\t<i class=\"fas fa-user-graduate\"><\/i>\t\t\t<\/figure>\n\t\t\n\t\t<div class=\"ha-infobox-body\">\n\t\t\t<h1 class=\"ha-infobox-title\">LA FORMAZIONE DELL\u2019UOMO E DEL CITTADINO<\/h1>\n\t\t\t\t\t\t\t<div class=\"ha-infobox-text\">\n\t\t\t\t\t<p>Attraverso\nl\u2019alfabetizzazione culturale, educazione alla convivenza democratica,\nlo sviluppo dell\u2019autonomia personale<\/p>\n\t\t\t\t<\/div>\n\t\t\t\n\t\t\t\t\t<\/div>\n\t\t\t\t\t\t<\/div>\n\t\t\t\t<\/div>\n\t\t\t\t\t<\/div>\n\t\t<\/div>\n\t\t\t\t<div class=\"elementor-column elementor-col-50 elementor-inner-column elementor-element elementor-element-5e8f07db\" data-id=\"5e8f07db\" data-element_type=\"column\">\n\t\t\t<div class=\"elementor-widget-wrap elementor-element-populated\">\n\t\t\t\t\t\t<div class=\"elementor-element elementor-element-542f34c elementor-absolute ha-infobox-media-dir-top elementor-widget elementor-widget-ha-infobox happy-addon ha-infobox\" data-id=\"542f34c\" data-element_type=\"widget\" data-settings=\"{&quot;_position&quot;:&quot;absolute&quot;}\" data-widget_type=\"ha-infobox.default\">\n\t\t\t\t<div class=\"elementor-widget-container\">\n\t\t\t\t\t\n\t\t\t\t\t<figure class=\"ha-infobox-figure ha-infobox-figure--icon\">\n\t\t\t\t<i class=\"icon icon-internet\"><\/i>\t\t\t<\/figure>\n\t\t\n\t\t<div class=\"ha-infobox-body\">\n\t\t\t<h1 class=\"ha-infobox-title\">RISPONDERE AI BISOGNI EDUCATIVI DELLA SOCIETA\u2019 CONTEMPORANEA<\/h1>\n\t\t\t\t\t\t\t<div class=\"ha-infobox-text\">\n\t\t\t\t\t<p>Alla luce delle tendenze nazionali ed internazionali\n\n\n<\/p>\n\t\t\t\t<\/div>\n\t\t\t\n\t\t\t\t\t<\/div>\n\t\t\t\t\t\t<\/div>\n\t\t\t\t<\/div>\n\t\t\t\t\t<\/div>\n\t\t<\/div>\n\t\t\t\t\t<\/div>\n\t\t<\/section>\n\t\t\t\t\t<\/div>\n\t\t<\/div>\n\t\t\t\t\t<\/div>\n\t\t<\/section>\n\t\t\t\t<section class=\"elementor-section elementor-top-section elementor-element elementor-element-bc299a4 elementor-section-boxed elementor-section-height-default elementor-section-height-default\" data-id=\"bc299a4\" data-element_type=\"section\" data-settings=\"{&quot;_ha_eqh_enable&quot;:false}\">\n\t\t\t\t\t\t<div class=\"elementor-container elementor-column-gap-default\">\n\t\t\t\t\t<div class=\"elementor-column elementor-col-100 elementor-top-column elementor-element elementor-element-f38aa56\" data-id=\"f38aa56\" data-element_type=\"column\">\n\t\t\t<div class=\"elementor-widget-wrap elementor-element-populated\">\n\t\t\t\t\t\t<div class=\"elementor-element elementor-element-16eaf9b elementor-widget elementor-widget-text-editor\" data-id=\"16eaf9b\" data-element_type=\"widget\" data-widget_type=\"text-editor.default\">\n\t\t\t\t<div class=\"elementor-widget-container\">\n\t\t\t\t\t\t\t\t\t<p>Porsi questi obiettivi significa impegnare la scuola in una duplice finalit\u00e0:<\/p>\n<p>&#8211; delineare una mappa delle strutture culturali di base;<\/p>\n<p>&#8211; assumere un impianto formativo che riconosca il valore imprescindibile<\/p>\n<p>della tradizione storica e lo ponga in relazione con la contemporaneit\u00e0 e<\/p>\n<p>&nbsp;con il contesto sociale e culturale.<br \/><br \/><\/p>\n<p>I bisogni educativi ai quali la scuola intende rispondere:<\/p>\n<p>&#8211; sicurezza affettiva;<\/p>\n<p>&#8211;&nbsp; star bene a scuola;<\/p>\n<p>&#8211;&nbsp; superare atteggiamenti di chiusura o individualistici;<\/p>\n<p>&#8211;&nbsp; acquisire una cultura della pace e della non violenza;<\/p>\n<p>&#8211; scoprire ed interiorizzare valori guida nell\u2019ottica della convivenza<\/p>\n<p>democratica;<\/p>\n<p>&#8211;&nbsp; condividere regole e stili di vita con le famiglie;<\/p>\n<p>&#8211; essere accolti e valorizzati nel gruppo dei coetanei ( per gli alunni in<\/p>\n<p>situazione di svantaggio);<\/p>\n<p>&#8211;&nbsp; sviluppare le proprie potenzialit\u00e0;<\/p>\n<p>&#8211;&nbsp; sviluppare un atteggiamento critico e di ricerca;<\/p>\n<p>&#8211; apprendere in un ambiente ricco di stimolazioni e tecnologicamente al<\/p>\n<p>passo dei tempi;<\/p>\n<p>&#8211; conoscere e usufruire delle risorse culturali, ambientali e strumentali<\/p><p>&nbsp;offerte&nbsp;<span style=\"font-style: inherit; font-weight: inherit; background-color: var(--ast-global-color-5); letter-spacing: 0px;\">dal territorio e dalle strutture in esso operanti;<\/span><\/p>\n<p>&#8211; promuovere la partecipazione delle famiglie nelle scelte educative della<\/p>\n<p>scuola.<\/p><p><br \/><\/p>\n<p>La finalit\u00e0 primaria del nostro Istituto \u00e8 la promozione del pieno sviluppo<\/p><p>della&nbsp;<span style=\"font-style: inherit; font-weight: inherit; background-color: var(--ast-global-color-5); letter-spacing: 0px;\">persona.<\/span><\/p>\t\t\t\t\t\t\t\t<\/div>\n\t\t\t\t<\/div>\n\t\t\t\t\t<\/div>\n\t\t<\/div>\n\t\t\t\t\t<\/div>\n\t\t<\/section>\n\t\t\t\t<\/div>\n\t\t","protected":false},"excerpt":{"rendered":"<p>LE FINALITA&#8217; EDUCATIVE \u00a0Lo studente al termine del primo ciclo, attraverso gli apprendimenti sviluppati\u00a0 scuola, lo studio personale, le esperienze educative vissute in famiglia e nella comunit\u00e0, \u00e8 in grado&hellip;<\/p>\n","protected":false},"author":1,"featured_media":0,"parent":0,"menu_order":0,"comment_status":"closed","ping_status":"closed","template":"","meta":{"_eb_attr":"","footnotes":""},"class_list":["post-1019","page","type-page","status-publish","hentry"],"_links":{"self":[{"href":"https:\/\/www.scuolasantamariadelparadiso.it\/index.php?rest_route=\/wp\/v2\/pages\/1019","targetHints":{"allow":["GET"]}}],"collection":[{"href":"https:\/\/www.scuolasantamariadelparadiso.it\/index.php?rest_route=\/wp\/v2\/pages"}],"about":[{"href":"https:\/\/www.scuolasantamariadelparadiso.it\/index.php?rest_route=\/wp\/v2\/types\/page"}],"author":[{"embeddable":true,"href":"https:\/\/www.scuolasantamariadelparadiso.it\/index.php?rest_route=\/wp\/v2\/users\/1"}],"replies":[{"embeddable":true,"href":"https:\/\/www.scuolasantamariadelparadiso.it\/index.php?rest_route=%2Fwp%2Fv2%2Fcomments&post=1019"}],"version-history":[{"count":32,"href":"https:\/\/www.scuolasantamariadelparadiso.it\/index.php?rest_route=\/wp\/v2\/pages\/1019\/revisions"}],"predecessor-version":[{"id":3851,"href":"https:\/\/www.scuolasantamariadelparadiso.it\/index.php?rest_route=\/wp\/v2\/pages\/1019\/revisions\/3851"}],"wp:attachment":[{"href":"https:\/\/www.scuolasantamariadelparadiso.it\/index.php?rest_route=%2Fwp%2Fv2%2Fmedia&parent=1019"}],"curies":[{"name":"wp","href":"https:\/\/api.w.org\/{rel}","templated":true}]}}